{"id":4799,"date":"2025-04-27T04:47:49","date_gmt":"2025-04-27T03:47:49","guid":{"rendered":"https:\/\/transfers2airport.be\/?page_id=4799"},"modified":"2026-03-07T00:55:14","modified_gmt":"2026-03-06T23:55:14","slug":"private-transfers-from-charleroi-airport-crl-to-bruges","status":"publish","type":"page","link":"https:\/\/transfers2airport.be\/fr\/private-transfers-from-charleroi-airport-crl-to-bruges\/","title":{"rendered":"Transferts priv\u00e9s de l\u2019a\u00e9roport de Charleroi (CRL) \u00e0 Bruges"},"content":{"rendered":"<div data-elementor-type=\"wp-page\" data-elementor-id=\"4799\" class=\"elementor elementor-4799\">\n\t\t\t\t\t\t<section class=\"elementor-section elementor-top-section elementor-element elementor-element-39beeaff elementor-section-boxed elementor-section-height-default elementor-section-height-default\" data-id=\"39beeaff\" data-element_type=\"section\" data-e-type=\"section\" id=\"top\">\n\t\t\t\t\t\t<div class=\"elementor-container elementor-column-gap-no\">\n\t\t\t\t\t<header class=\"elementor-column elementor-col-50 elementor-top-column elementor-element elementor-element-7d681a42\" data-id=\"7d681a42\" data-element_type=\"column\" data-e-type=\"column\">\n\t\t\t<div class=\"elementor-widget-wrap elementor-element-populated\">\n\t\t\t\t\t\t<div class=\"elementor-element elementor-element-483b914a elementor-widget elementor-widget-heading\" data-id=\"483b914a\" data-element_type=\"widget\" data-e-type=\"widget\" data-widget_type=\"heading.default\">\n\t\t\t\t<div class=\"elementor-widget-container\">\n\t\t\t\t\t<h1 class=\"elementor-heading-title elementor-size-default\">Transferts priv\u00e9s de l\u2019a\u00e9roport de Charleroi (CRL) \u00e0 Bruges<\/h1>\t\t\t\t<\/div>\n\t\t\t\t<\/div>\n\t\t\t\t<div class=\"elementor-element elementor-element-6bdb16ba elementor-widget-divider--view-line elementor-widget elementor-widget-divider\" data-id=\"6bdb16ba\" data-element_type=\"widget\" data-e-type=\"widget\" data-widget_type=\"divider.default\">\n\t\t\t\t<div class=\"elementor-widget-container\">\n\t\t\t\t\t\t\t<div class=\"elementor-divider\">\n\t\t\t<span class=\"elementor-divider-separator\">\n\t\t\t\t\t\t<\/span>\n\t\t<\/div>\n\t\t\t\t\t\t<\/div>\n\t\t\t\t<\/div>\n\t\t\t\t<div class=\"elementor-element elementor-element-495a2fd elementor-widget elementor-widget-text-editor\" data-id=\"495a2fd\" data-element_type=\"widget\" data-e-type=\"widget\" data-widget_type=\"text-editor.default\">\n\t\t\t\t<div class=\"elementor-widget-container\">\n\t\t\t\t\t\t\t\t\t<p style=\"text-align: left;\">Vous atterrissez \u00e0 l\u2019a\u00e9roport de Charleroi et vous partez pour la magnifique ville de Bruges ?<br \/>La fa\u00e7on la plus simple et confortable de vous y rendre est de r\u00e9server un transfert priv\u00e9 \u2014 voici pourquoi :<\/p>\t\t\t\t\t\t\t\t<\/div>\n\t\t\t\t<\/div>\n\t\t\t\t\t<\/div>\n\t\t<\/header>\n\t\t\t\t<div class=\"elementor-column elementor-col-50 elementor-top-column elementor-element elementor-element-6fea7088\" data-id=\"6fea7088\" data-element_type=\"column\" data-e-type=\"column\">\n\t\t\t<div class=\"elementor-widget-wrap elementor-element-populated\">\n\t\t\t\t\t\t<div class=\"elementor-element elementor-element-771b7064 elementor-widget elementor-widget-image\" data-id=\"771b7064\" data-element_type=\"widget\" data-e-type=\"widget\" data-widget_type=\"image.default\">\n\t\t\t\t<div class=\"elementor-widget-container\">\n\t\t\t\t\t\t\t\t\t\t\t\t\t\t\t<img fetchpriority=\"high\" decoding=\"async\" width=\"300\" height=\"200\" src=\"https:\/\/transfers2airport.be\/wp-content\/uploads\/2025\/04\/pexels-nicolasveithen-1719697-300x200.jpg\" class=\"attachment-medium size-medium wp-image-4536\" alt=\"\" srcset=\"https:\/\/transfers2airport.be\/wp-content\/uploads\/2025\/04\/pexels-nicolasveithen-1719697-300x200.jpg 300w, https:\/\/transfers2airport.be\/wp-content\/uploads\/2025\/04\/pexels-nicolasveithen-1719697-1024x683.jpg 1024w, https:\/\/transfers2airport.be\/wp-content\/uploads\/2025\/04\/pexels-nicolasveithen-1719697-768x512.jpg 768w, https:\/\/transfers2airport.be\/wp-content\/uploads\/2025\/04\/pexels-nicolasveithen-1719697-1536x1024.jpg 1536w, https:\/\/transfers2airport.be\/wp-content\/uploads\/2025\/04\/pexels-nicolasveithen-1719697-2048x1365.jpg 2048w, https:\/\/transfers2airport.be\/wp-content\/uploads\/2025\/04\/pexels-nicolasveithen-1719697-18x12.jpg 18w\" sizes=\"(max-width: 300px) 100vw, 300px\" \/>\t\t\t\t\t\t\t\t\t\t\t\t\t\t\t<\/div>\n\t\t\t\t<\/div>\n\t\t\t\t\t<\/div>\n\t\t<\/div>\n\t\t\t\t\t<\/div>\n\t\t<\/section>\n\t\t\t\t<section class=\"elementor-section elementor-top-section elementor-element elementor-element-59fc01f3 elementor-section-boxed elementor-section-height-default elementor-section-height-default\" data-id=\"59fc01f3\" data-element_type=\"section\" data-e-type=\"section\">\n\t\t\t\t\t\t<div class=\"elementor-container elementor-column-gap-default\">\n\t\t\t\t\t<main class=\"elementor-column elementor-col-50 elementor-top-column elementor-element elementor-element-1099da06\" data-id=\"1099da06\" data-element_type=\"column\" data-e-type=\"column\">\n\t\t\t<div class=\"elementor-widget-wrap elementor-element-populated\">\n\t\t\t\t\t\t<div class=\"elementor-element elementor-element-1a4cd78c elementor-widget elementor-widget-heading\" data-id=\"1a4cd78c\" data-element_type=\"widget\" data-e-type=\"widget\" data-widget_type=\"heading.default\">\n\t\t\t\t<div class=\"elementor-widget-container\">\n\t\t\t\t\t<h1 class=\"elementor-heading-title elementor-size-default\">Pourquoi r\u00e9server un transfert priv\u00e9 vers Bruges ?<\/h1>\t\t\t\t<\/div>\n\t\t\t\t<\/div>\n\t\t\t\t<div class=\"elementor-element elementor-element-39f30ff9 elementor-widget__width-inherit elementor-widget elementor-widget-text-editor\" data-id=\"39f30ff9\" data-element_type=\"widget\" data-e-type=\"widget\" data-widget_type=\"text-editor.default\">\n\t\t\t\t<div class=\"elementor-widget-container\">\n\t\t\t\t\t\t\t\t\t<ul><li style=\"text-align: left;\">Service porte-\u00e0-porte \u2014 De l\u2019a\u00e9roport de Charleroi directement \u00e0 votre h\u00f4tel ou Airbnb \u00e0 Bruges<\/li><li style=\"text-align: left;\">Prix fixe garanti \u2014 Aucun suppl\u00e9ment pour le trafic, les retards ou les bagages<\/li><li style=\"text-align: left;\">Suivi de vol \u2014 Le chauffeur surveille l\u2019arriv\u00e9e de votre vol et ajuste l\u2019heure de prise en charge si n\u00e9cessaire<\/li><li style=\"text-align: left;\">Confort premium \u2014 D\u00e9tendez-vous dans un v\u00e9hicule priv\u00e9, propre et moderne apr\u00e8s votre vol<\/li><li style=\"text-align: left;\">Z\u00e9ro attente, z\u00e9ro partage \u2014 Votre trajet est 100 % priv\u00e9, pour vous ou votre groupe<\/li><\/ul>\t\t\t\t\t\t\t\t<\/div>\n\t\t\t\t<\/div>\n\t\t\t\t\t<\/div>\n\t\t<\/main>\n\t\t\t\t<main class=\"elementor-column elementor-col-50 elementor-top-column elementor-element elementor-element-2c5381fe\" data-id=\"2c5381fe\" data-element_type=\"column\" data-e-type=\"column\">\n\t\t\t<div class=\"elementor-widget-wrap elementor-element-populated\">\n\t\t\t\t\t\t<div class=\"elementor-element elementor-element-2371a95 elementor-widget elementor-widget-heading\" data-id=\"2371a95\" data-element_type=\"widget\" data-e-type=\"widget\" data-widget_type=\"heading.default\">\n\t\t\t\t<div class=\"elementor-widget-container\">\n\t\t\t\t\t<h2 class=\"elementor-heading-title elementor-size-default\">Quelle est la dur\u00e9e du trajet entre Charleroi et Bruges ?<\/h2>\t\t\t\t<\/div>\n\t\t\t\t<\/div>\n\t\t\t\t<div class=\"elementor-element elementor-element-424287c5 elementor-widget__width-inherit elementor-widget elementor-widget-text-editor\" data-id=\"424287c5\" data-element_type=\"widget\" data-e-type=\"widget\" data-widget_type=\"text-editor.default\">\n\t\t\t\t<div class=\"elementor-widget-container\">\n\t\t\t\t\t\t\t\t\t<ul><li style=\"text-align: left;\">Distance : environ 150 km<\/li><li style=\"text-align: left;\">Temps de trajet : environ 1h45<\/li><\/ul><p style=\"text-align: left;\">(selon la circulation \u2014 mais avec un transfert priv\u00e9, vous \u00e9vitez tout le stress !)<\/p>\t\t\t\t\t\t\t\t<\/div>\n\t\t\t\t<\/div>\n\t\t\t\t\t<\/div>\n\t\t<\/main>\n\t\t\t\t\t<\/div>\n\t\t<\/section>\n\t\t\t\t<section class=\"elementor-section elementor-top-section elementor-element elementor-element-38636b47 elementor-section-boxed elementor-section-height-default elementor-section-height-default\" data-id=\"38636b47\" data-element_type=\"section\" data-e-type=\"section\">\n\t\t\t\t\t\t<div class=\"elementor-container elementor-column-gap-default\">\n\t\t\t\t\t<main class=\"elementor-column elementor-col-50 elementor-top-column elementor-element elementor-element-42dea168\" data-id=\"42dea168\" data-element_type=\"column\" data-e-type=\"column\">\n\t\t\t<div class=\"elementor-widget-wrap elementor-element-populated\">\n\t\t\t\t\t\t<div class=\"elementor-element elementor-element-3a797033 elementor-widget elementor-widget-heading\" data-id=\"3a797033\" data-element_type=\"widget\" data-e-type=\"widget\" data-widget_type=\"heading.default\">\n\t\t\t\t<div class=\"elementor-widget-container\">\n\t\t\t\t\t<h1 class=\"elementor-heading-title elementor-size-default\">Id\u00e9al pour:<\/h1>\t\t\t\t<\/div>\n\t\t\t\t<\/div>\n\t\t\t\t<div class=\"elementor-element elementor-element-58a17a5c elementor-widget__width-inherit elementor-widget elementor-widget-text-editor\" data-id=\"58a17a5c\" data-element_type=\"widget\" data-e-type=\"widget\" data-widget_type=\"text-editor.default\">\n\t\t\t\t<div class=\"elementor-widget-container\">\n\t\t\t\t\t\t\t\t\t<ul><li style=\"text-align: left;\">Familles avec enfants<\/li><li style=\"text-align: left;\">Couples ou voyageurs solo<\/li><li style=\"text-align: left;\">D\u00e9placements professionnels<\/li><li style=\"text-align: left;\">Groupes jusqu\u2019\u00e0 8 personnes (vans priv\u00e9s disponibles !)<\/li><\/ul>\t\t\t\t\t\t\t\t<\/div>\n\t\t\t\t<\/div>\n\t\t\t\t\t<\/div>\n\t\t<\/main>\n\t\t\t\t<main class=\"elementor-column elementor-col-50 elementor-top-column elementor-element elementor-element-67246217\" data-id=\"67246217\" data-element_type=\"column\" data-e-type=\"column\">\n\t\t\t<div class=\"elementor-widget-wrap elementor-element-populated\">\n\t\t\t\t\t\t<div class=\"elementor-element elementor-element-2d9c1147 elementor-widget elementor-widget-heading\" data-id=\"2d9c1147\" data-element_type=\"widget\" data-e-type=\"widget\" data-widget_type=\"heading.default\">\n\t\t\t\t<div class=\"elementor-widget-container\">\n\t\t\t\t\t<h2 class=\"elementor-heading-title elementor-size-default\">Ce qui est inclus :<\/h2>\t\t\t\t<\/div>\n\t\t\t\t<\/div>\n\t\t\t\t<div class=\"elementor-element elementor-element-5ca1a687 elementor-widget__width-inherit elementor-widget elementor-widget-text-editor\" data-id=\"5ca1a687\" data-element_type=\"widget\" data-e-type=\"widget\" data-widget_type=\"text-editor.default\">\n\t\t\t\t<div class=\"elementor-widget-container\">\n\t\t\t\t\t\t\t\t\t<ul><li style=\"text-align: left;\">Accueil personnalis\u00e9 \u00e0 l\u2019a\u00e9roport de Charleroi<\/li><li style=\"text-align: left;\">Aide avec les bagages<\/li><li style=\"text-align: left;\">V\u00e9hicule confortable et assur\u00e9 (berline, minivan ou van)<\/li><li style=\"text-align: left;\">Chauffeur professionnel anglophone<\/li><li style=\"text-align: left;\">Aucun frais cach\u00e9 \u2014 taxes et p\u00e9ages inclus<\/li><\/ul>\t\t\t\t\t\t\t\t<\/div>\n\t\t\t\t<\/div>\n\t\t\t\t\t<\/div>\n\t\t<\/main>\n\t\t\t\t\t<\/div>\n\t\t<\/section>\n\t\t\t\t<section class=\"elementor-section elementor-top-section elementor-element elementor-element-41f76a57 elementor-section-boxed elementor-section-height-default elementor-section-height-default\" data-id=\"41f76a57\" data-element_type=\"section\" data-e-type=\"section\">\n\t\t\t\t\t\t<div class=\"elementor-container elementor-column-gap-default\">\n\t\t\t\t\t<main class=\"elementor-column elementor-col-100 elementor-top-column elementor-element elementor-element-36a4b5e6\" data-id=\"36a4b5e6\" data-element_type=\"column\" data-e-type=\"column\">\n\t\t\t<div class=\"elementor-widget-wrap elementor-element-populated\">\n\t\t\t\t\t\t<div class=\"elementor-element elementor-element-79a0d56a elementor-widget elementor-widget-heading\" data-id=\"79a0d56a\" data-element_type=\"widget\" data-e-type=\"widget\" data-widget_type=\"heading.default\">\n\t\t\t\t<div class=\"elementor-widget-container\">\n\t\t\t\t\t<h2 class=\"elementor-heading-title elementor-size-default\">Pr\u00eat \u00e0 r\u00e9server votre transfert de Charleroi \u00e0 Bruges ?<\/h2>\t\t\t\t<\/div>\n\t\t\t\t<\/div>\n\t\t\t\t<div class=\"elementor-element elementor-element-64abc42 elementor-widget__width-inherit elementor-widget elementor-widget-text-editor\" data-id=\"64abc42\" data-element_type=\"widget\" data-e-type=\"widget\" data-widget_type=\"text-editor.default\">\n\t\t\t\t<div class=\"elementor-widget-container\">\n\t\t\t\t\t\t\t\t\t<p style=\"text-align: center;\">Service disponible 24h\/24 et 7j\/7<br \/>R\u00e9servation en ligne facile avec confirmation instantan\u00e9e<\/p>\t\t\t\t\t\t\t\t<\/div>\n\t\t\t\t<\/div>\n\t\t\t\t\t<\/div>\n\t\t<\/main>\n\t\t\t\t\t<\/div>\n\t\t<\/section>\n\t\t\t\t<section class=\"elementor-section elementor-top-section elementor-element elementor-element-3a0283c3 elementor-section-boxed elementor-section-height-default elementor-section-height-default\" data-id=\"3a0283c3\" data-element_type=\"section\" data-e-type=\"section\">\n\t\t\t\t\t\t<div class=\"elementor-container elementor-column-gap-default\">\n\t\t\t\t\t<main class=\"elementor-column elementor-col-100 elementor-top-column elementor-element elementor-element-58886c75\" data-id=\"58886c75\" data-element_type=\"column\" data-e-type=\"column\">\n\t\t\t<div class=\"elementor-widget-wrap elementor-element-populated\">\n\t\t\t\t\t\t<div class=\"elementor-element elementor-element-187ea273 elementor-align-center elementor-mobile-align-center elementor-widget-mobile__width-auto elementor-invisible elementor-widget elementor-widget-button\" data-id=\"187ea273\" data-element_type=\"widget\" data-e-type=\"widget\" data-settings=\"{&quot;_animation&quot;:&quot;fadeInDown&quot;}\" data-widget_type=\"button.default\">\n\t\t\t\t<div class=\"elementor-widget-container\">\n\t\t\t\t\t\t\t\t\t<div class=\"elementor-button-wrapper\">\n\t\t\t\t\t<a class=\"elementor-button elementor-button-link elementor-size-sm\" href=\"https:\/\/transfers2airport.be\/fr\/charleroi-airport-transfer-to-bruges\/\">\n\t\t\t\t\t\t<span class=\"elementor-button-content-wrapper\">\n\t\t\t\t\t\t\t\t\t<span class=\"elementor-button-text\">R\u00e9servez votre transfert priv\u00e9 vers Bruges d\u00e8s maintenant !<\/span>\n\t\t\t\t\t<\/span>\n\t\t\t\t\t<\/a>\n\t\t\t\t<\/div>\n\t\t\t\t\t\t\t\t<\/div>\n\t\t\t\t<\/div>\n\t\t\t\t\t<\/div>\n\t\t<\/main>\n\t\t\t\t\t<\/div>\n\t\t<\/section>\n\t\t\t\t<\/div>","protected":false},"excerpt":{"rendered":"<p>Private Transfers from Charleroi Airport (CRL) to Bruges Landing at Charleroi Airport and heading to the beautiful city of Bruges?The easiest and most comfortable way to get there is by booking a private transfer \u2014 here\u2019s why: Why Book a Private Transfer to Bruges? Door-to-Door Service \u2014 Straight from Charleroi Airport to your hotel or [&hellip;]<\/p>\n","protected":false},"author":1,"featured_media":0,"parent":0,"menu_order":0,"comment_status":"closed","ping_status":"closed","template":"elementor_header_footer","meta":{"footnotes":""},"class_list":["post-4799","page","type-page","status-publish","hentry"],"aioseo_notices":[],"_links":{"self":[{"href":"https:\/\/transfers2airport.be\/fr\/wp-json\/wp\/v2\/pages\/4799","targetHints":{"allow":["GET"]}}],"collection":[{"href":"https:\/\/transfers2airport.be\/fr\/wp-json\/wp\/v2\/pages"}],"about":[{"href":"https:\/\/transfers2airport.be\/fr\/wp-json\/wp\/v2\/types\/page"}],"author":[{"embeddable":true,"href":"https:\/\/transfers2airport.be\/fr\/wp-json\/wp\/v2\/users\/1"}],"replies":[{"embeddable":true,"href":"https:\/\/transfers2airport.be\/fr\/wp-json\/wp\/v2\/comments?post=4799"}],"version-history":[{"count":10,"href":"https:\/\/transfers2airport.be\/fr\/wp-json\/wp\/v2\/pages\/4799\/revisions"}],"predecessor-version":[{"id":8525,"href":"https:\/\/transfers2airport.be\/fr\/wp-json\/wp\/v2\/pages\/4799\/revisions\/8525"}],"wp:attachment":[{"href":"https:\/\/transfers2airport.be\/fr\/wp-json\/wp\/v2\/media?parent=4799"}],"curies":[{"name":"wp","href":"https:\/\/api.w.org\/{rel}","templated":true}]}}